{"id":272726,"date":"2026-04-30T23:12:10","date_gmt":"2026-04-30T21:12:10","guid":{"rendered":"https:\/\/paroissesaintmartindacheres.fr\/?post_type=tribe_events&#038;p=272726"},"modified":"2026-04-30T23:12:10","modified_gmt":"2026-04-30T21:12:10","slug":"confirmation-diocesaine-des-adultes","status":"publish","type":"tribe_events","link":"https:\/\/paroissesaintmartindacheres.fr\/index.php\/evenement\/confirmation-diocesaine-des-adultes\/","title":{"rendered":"Confirmation dioc\u00e9saine des adultes"},"content":{"rendered":"<p>Le 23 mai prochain \u00e0 18h30 deux cath\u00e9chum\u00e8nes adultes de notre paroisse recevront le sacrement de la confirmation en m\u00eame temps que plusieurs autres adultes de notre dioc\u00e8se, la c\u00e9l\u00e9bration aura lieu \u00e0 la cath\u00e9drale Saint Louis de Versailles.<\/p>\n<p>Portons les tous dans nos pri\u00e8res.<\/p>\n","protected":false},"excerpt":{"rendered":"<p>Le 23 mai prochain \u00e0 18h30 deux cath\u00e9chum\u00e8nes adultes de notre paroisse recevront le sacrement de la confirmation en m\u00eame temps que plusieurs autres adultes de notre dioc\u00e8se, la c\u00e9l\u00e9bration [&hellip;]<\/p>\n","protected":false},"author":8,"featured_media":48265,"template":"","meta":{"_tribe_events_status":"","_tribe_events_status_reason":"","footnotes":""},"tags":[],"tribe_events_cat":[],"class_list":["post-272726","tribe_events","type-tribe_events","status-publish","has-post-thumbnail","hentry","entry","has-media"],"_links":{"self":[{"href":"https:\/\/paroissesaintmartindacheres.fr\/index.php\/wp-json\/wp\/v2\/tribe_events\/272726","targetHints":{"allow":["GET"]}}],"collection":[{"href":"https:\/\/paroissesaintmartindacheres.fr\/index.php\/wp-json\/wp\/v2\/tribe_events"}],"about":[{"href":"https:\/\/paroissesaintmartindacheres.fr\/index.php\/wp-json\/wp\/v2\/types\/tribe_events"}],"author":[{"embeddable":true,"href":"https:\/\/paroissesaintmartindacheres.fr\/index.php\/wp-json\/wp\/v2\/users\/8"}],"version-history":[{"count":1,"href":"https:\/\/paroissesaintmartindacheres.fr\/index.php\/wp-json\/wp\/v2\/tribe_events\/272726\/revisions"}],"predecessor-version":[{"id":272728,"href":"https:\/\/paroissesaintmartindacheres.fr\/index.php\/wp-json\/wp\/v2\/tribe_events\/272726\/revisions\/272728"}],"wp:featuredmedia":[{"embeddable":true,"href":"https:\/\/paroissesaintmartindacheres.fr\/index.php\/wp-json\/wp\/v2\/media\/48265"}],"wp:attachment":[{"href":"https:\/\/paroissesaintmartindacheres.fr\/index.php\/wp-json\/wp\/v2\/media?parent=272726"}],"wp:term":[{"taxonomy":"post_tag","embeddable":true,"href":"https:\/\/paroissesaintmartindacheres.fr\/index.php\/wp-json\/wp\/v2\/tags?post=272726"},{"taxonomy":"tribe_events_cat","embeddable":true,"href":"https:\/\/paroissesaintmartindacheres.fr\/index.php\/wp-json\/wp\/v2\/tribe_events_cat?post=272726"}],"curies":[{"name":"wp","href":"https:\/\/api.w.org\/{rel}","templated":true}]}}