{"id":232523,"date":"2025-12-24T16:44:51","date_gmt":"2025-12-24T15:44:51","guid":{"rendered":"https:\/\/paroissesaintmartindacheres.fr\/?post_type=tribe_events&#038;p=232523"},"modified":"2025-12-24T16:44:51","modified_gmt":"2025-12-24T15:44:51","slug":"messe-et-veillee-daction-de-grace-le-31-decembre-2025","status":"publish","type":"tribe_events","link":"https:\/\/paroissesaintmartindacheres.fr\/index.php\/evenement\/messe-et-veillee-daction-de-grace-le-31-decembre-2025\/","title":{"rendered":"Messe et veill\u00e9e d&rsquo;action de gr\u00e2ce le 31 d\u00e9cembre 2025"},"content":{"rendered":"<p>Nous sommes tous invit\u00e9s \u00e0 la soir\u00e9e de pri\u00e8re du 31 d\u00e9cembre 2025. Venons rendre gr\u00e2ce \u00e0 Dieu pour les bienfaits re\u00e7u en cette ann\u00e9e qui se termine et confions lui la nouvelle ann\u00e9e 2026.<\/p>\n<p>Au programme :\u00a0Messe \u00e0 19h \u00e0 l&rsquo;\u00e9glise Saint Martin suivie d&rsquo;une veill\u00e9e de louange.<\/p>\n","protected":false},"excerpt":{"rendered":"<p>Nous sommes tous invit\u00e9s \u00e0 la soir\u00e9e de pri\u00e8re du 31 d\u00e9cembre 2025. Venons rendre gr\u00e2ce \u00e0 Dieu pour les bienfaits re\u00e7u en cette ann\u00e9e qui se termine et confions [&hellip;]<\/p>\n","protected":false},"author":8,"featured_media":232530,"template":"","meta":{"_tribe_events_status":"","_tribe_events_status_reason":"","footnotes":""},"tags":[],"tribe_events_cat":[],"class_list":["post-232523","tribe_events","type-tribe_events","status-publish","has-post-thumbnail","hentry","entry","has-media"],"_links":{"self":[{"href":"https:\/\/paroissesaintmartindacheres.fr\/index.php\/wp-json\/wp\/v2\/tribe_events\/232523","targetHints":{"allow":["GET"]}}],"collection":[{"href":"https:\/\/paroissesaintmartindacheres.fr\/index.php\/wp-json\/wp\/v2\/tribe_events"}],"about":[{"href":"https:\/\/paroissesaintmartindacheres.fr\/index.php\/wp-json\/wp\/v2\/types\/tribe_events"}],"author":[{"embeddable":true,"href":"https:\/\/paroissesaintmartindacheres.fr\/index.php\/wp-json\/wp\/v2\/users\/8"}],"version-history":[{"count":1,"href":"https:\/\/paroissesaintmartindacheres.fr\/index.php\/wp-json\/wp\/v2\/tribe_events\/232523\/revisions"}],"predecessor-version":[{"id":232531,"href":"https:\/\/paroissesaintmartindacheres.fr\/index.php\/wp-json\/wp\/v2\/tribe_events\/232523\/revisions\/232531"}],"wp:featuredmedia":[{"embeddable":true,"href":"https:\/\/paroissesaintmartindacheres.fr\/index.php\/wp-json\/wp\/v2\/media\/232530"}],"wp:attachment":[{"href":"https:\/\/paroissesaintmartindacheres.fr\/index.php\/wp-json\/wp\/v2\/media?parent=232523"}],"wp:term":[{"taxonomy":"post_tag","embeddable":true,"href":"https:\/\/paroissesaintmartindacheres.fr\/index.php\/wp-json\/wp\/v2\/tags?post=232523"},{"taxonomy":"tribe_events_cat","embeddable":true,"href":"https:\/\/paroissesaintmartindacheres.fr\/index.php\/wp-json\/wp\/v2\/tribe_events_cat?post=232523"}],"curies":[{"name":"wp","href":"https:\/\/api.w.org\/{rel}","templated":true}]}}