{"id":9692,"date":"2025-02-07T12:38:36","date_gmt":"2025-02-07T11:38:36","guid":{"rendered":"http:\/\/paroissesaintmartindacheres.fr\/?page_id=9692"},"modified":"2025-06-15T20:26:46","modified_gmt":"2025-06-15T18:26:46","slug":"jubile-2025","status":"publish","type":"page","link":"https:\/\/paroissesaintmartindacheres.fr\/index.php\/jubile-2025\/","title":{"rendered":"Jubil\u00e9 2025"},"content":{"rendered":"\t\t<div data-elementor-type=\"wp-page\" data-elementor-id=\"9692\" class=\"elementor elementor-9692\">\n\t\t\t\t<div class=\"elementor-element elementor-element-889bc0c e-flex e-con-boxed e-con e-parent\" data-id=\"889bc0c\" data-element_type=\"container\" data-e-type=\"container\" data-settings=\"{&quot;background_background&quot;:&quot;classic&quot;}\">\n\t\t\t\t\t<div class=\"e-con-inner\">\n\t\t<div class=\"elementor-element elementor-element-788ced1 e-con-full e-flex e-con e-child\" data-id=\"788ced1\" data-element_type=\"container\" data-e-type=\"container\" data-settings=\"{&quot;background_background&quot;:&quot;classic&quot;}\">\n\t\t\t\t<\/div>\n\t\t<div class=\"elementor-element elementor-element-4fc82ce e-con-full e-flex e-con e-child\" data-id=\"4fc82ce\" data-element_type=\"container\" data-e-type=\"container\" data-settings=\"{&quot;background_background&quot;:&quot;classic&quot;}\">\n\t\t\t\t<div class=\"elementor-element elementor-element-5569ae4 elementor-widget elementor-widget-heading\" data-id=\"5569ae4\" data-element_type=\"widget\" data-e-type=\"widget\" data-widget_type=\"heading.default\">\n\t\t\t\t<div class=\"elementor-widget-container\">\n\t\t\t\t\t<h3 class=\"elementor-heading-title elementor-size-default\">12 000 p\u00e8lerins venus de toutes les paroisses du dioc\u00e8se ont r\u00e9pondu \u00e0 l'appel<\/h3>\t\t\t\t<\/div>\n\t\t\t\t<\/div>\n\t\t\t\t<div class=\"elementor-element elementor-element-33dc39a elementor-align-center elementor-widget elementor-widget-button\" data-id=\"33dc39a\" data-element_type=\"widget\" data-e-type=\"widget\" data-widget_type=\"button.default\">\n\t\t\t\t<div class=\"elementor-widget-container\">\n\t\t\t\t\t\t\t\t\t<div class=\"elementor-button-wrapper\">\n\t\t\t\t\t<a class=\"elementor-button elementor-button-link elementor-size-sm\" href=\"https:\/\/www.catholique78.fr\/2025\/06\/03\/tout-sur-le-rassemblement-diocesain-de-jambville-du-jeudi-de-lascension\/\" target=\"_blank\">\n\t\t\t\t\t\t<span class=\"elementor-button-content-wrapper\">\n\t\t\t\t\t\t\t\t\t<span class=\"elementor-button-text\">Voir tous les d\u00e9tails du rassemblement<\/span>\n\t\t\t\t\t<\/span>\n\t\t\t\t\t<\/a>\n\t\t\t\t<\/div>\n\t\t\t\t\t\t\t\t<\/div>\n\t\t\t\t<\/div>\n\t\t\t\t<\/div>\n\t\t\t\t\t<\/div>\n\t\t\t\t<\/div>\n\t\t<div class=\"elementor-element elementor-element-6a417fb e-flex e-con-boxed e-con e-parent\" data-id=\"6a417fb\" data-element_type=\"container\" data-e-type=\"container\">\n\t\t\t\t\t<div class=\"e-con-inner\">\n\t\t<div class=\"elementor-element elementor-element-115893e e-con-full e-flex e-con e-child\" data-id=\"115893e\" data-element_type=\"container\" data-e-type=\"container\">\n\t\t\t\t<div class=\"elementor-element elementor-element-af06286 elementor-widget elementor-widget-text-editor\" data-id=\"af06286\" data-element_type=\"widget\" data-e-type=\"widget\" data-widget_type=\"text-editor.default\">\n\t\t\t\t<div class=\"elementor-widget-container\">\n\t\t\t\t\t\t\t\t\t<p>Le pape Fran\u00e7ois a d\u00e9clar\u00e9 l\u2019ann\u00e9e sainte 2025, ann\u00e9e jubilaire avec pour th\u00e8me \u201cP\u00e8lerins d\u2019esp\u00e9rance\u201d. Cette tradition vieille de 700 ans se produit tous les 25 ans. Le dernier grand jubil\u00e9 date donc de l\u2019An 2000.<\/p>\t\t\t\t\t\t\t\t<\/div>\n\t\t\t\t<\/div>\n\t\t\t\t<\/div>\n\t\t\t\t\t<\/div>\n\t\t\t\t<\/div>\n\t\t<div class=\"elementor-element elementor-element-9ef6603 e-flex e-con-boxed e-con e-parent\" data-id=\"9ef6603\" data-element_type=\"container\" data-e-type=\"container\">\n\t\t\t\t\t<div class=\"e-con-inner\">\n\t\t<div class=\"elementor-element elementor-element-b02103c e-con-full e-flex e-con e-child\" data-id=\"b02103c\" data-element_type=\"container\" data-e-type=\"container\">\n\t\t\t\t<div class=\"elementor-element elementor-element-f5cdb2d elementor-widget elementor-widget-heading\" data-id=\"f5cdb2d\" data-element_type=\"widget\" data-e-type=\"widget\" data-widget_type=\"heading.default\">\n\t\t\t\t<div class=\"elementor-widget-container\">\n\t\t\t\t\t<h2 class=\"elementor-heading-title elementor-size-default\">Jubil\u00e9 des Yvelines \u00e0 Jambville du Jeudi de l\u2019Ascension !\n<\/h2>\t\t\t\t<\/div>\n\t\t\t\t<\/div>\n\t\t\t\t<\/div>\n\t\t\t\t\t<\/div>\n\t\t\t\t<\/div>\n\t\t<div class=\"elementor-element elementor-element-e2d2a45 e-flex e-con-boxed e-con e-parent\" data-id=\"e2d2a45\" data-element_type=\"container\" data-e-type=\"container\">\n\t\t\t\t\t<div class=\"e-con-inner\">\n\t\t<div class=\"elementor-element elementor-element-c5ba52c e-con-full e-flex e-con e-child\" data-id=\"c5ba52c\" data-element_type=\"container\" data-e-type=\"container\">\n\t\t\t\t<div class=\"elementor-element elementor-element-61a2437 elementor-widget elementor-widget-text-editor\" data-id=\"61a2437\" data-element_type=\"widget\" data-e-type=\"widget\" data-widget_type=\"text-editor.default\">\n\t\t\t\t<div class=\"elementor-widget-container\">\n\t\t\t\t\t\t\t\t\t<p>Le jeudi de l\u2019Ascension, 29 mai 2025, <b>12\u2009000 catholiques<\/b> venus des 64 paroisses et groupements paroissiaux des Yvelines ont eu la joie de se retrouver au ch\u00e2teau de Jambville pour une journ\u00e9e jubilaire exceptionnelle.<\/p><p>Le point culminant, la messe de l\u2019Ascension, pr\u00e9sid\u00e9e par Mgr Luc Crepy, \u00e9v\u00eaque de Versailles, a \u00e9t\u00e9 c\u00e9l\u00e9br\u00e9e en plein air \u00e0 16h.<\/p>\t\t\t\t\t\t\t\t<\/div>\n\t\t\t\t<\/div>\n\t\t\t\t<\/div>\n\t\t<div class=\"elementor-element elementor-element-6e31c33 e-con-full e-flex e-con e-child\" data-id=\"6e31c33\" data-element_type=\"container\" data-e-type=\"container\">\n\t\t<div class=\"elementor-element elementor-element-3f6c95f e-con-full e-flex e-con e-child\" data-id=\"3f6c95f\" data-element_type=\"container\" data-e-type=\"container\">\n\t\t\t\t<div class=\"elementor-element elementor-element-54df98f elementor-widget elementor-widget-heading\" data-id=\"54df98f\" data-element_type=\"widget\" data-e-type=\"widget\" data-widget_type=\"heading.default\">\n\t\t\t\t<div class=\"elementor-widget-container\">\n\t\t\t\t\t<h3 class=\"elementor-heading-title elementor-size-default\">Message du P\u00e8re Isidore, cur\u00e9 de la paroisse d'Ach\u00e8res<\/h3>\t\t\t\t<\/div>\n\t\t\t\t<\/div>\n\t\t\t\t<div class=\"elementor-element elementor-element-23fbaa5 elementor-widget elementor-widget-text-editor\" data-id=\"23fbaa5\" data-element_type=\"widget\" data-e-type=\"widget\" data-widget_type=\"text-editor.default\">\n\t\t\t\t<div class=\"elementor-widget-container\">\n\t\t\t\t\t\t\t\t\t<p>Jubilez criez de joie <br \/>\u00ab Du cap des temp\u00eates au cap de bonne esp\u00e9rance \u00bb, une parole qui r\u00e9sonnera toujours au c\u0153ur de 12 mille p\u00e8lerins d\u2019esp\u00e9rance rassembl\u00e9s \u00e0 Jambville \u00e0 l\u2019Ascension 2025 !! Un grand merci aux 263 paroissiens de tous les \u00e2ges de la paroisses saint Martin d\u2019Ach\u00e8res qui ont r\u00e9pondu joyeusement \u00e0 l\u2019appel de Mgr Luc pour cet \u00e9v\u00e9nement unique dans le Dioc\u00e8se de Versailles ! Qu\u2019il \u00e9tait beau d\u2019\u00eatre ensemble : <br \/>marche de 5 km, oasis, messe solennelle sous un beau soleil ! <br \/>L\u2019ann\u00e9e jubilaire continue ! Nous aurons rendez-vous prochainement pour la messe et la veill\u00e9e de louange pour t\u00e9moigner des fruits de cette ann\u00e9e notamment du parcours : p\u00e8lerins d\u2019esp\u00e9rance dans <br \/>notre paroisse !! <br \/>Que Dieu vous b\u00e9nisse.<\/p>\t\t\t\t\t\t\t\t<\/div>\n\t\t\t\t<\/div>\n\t\t\t\t<\/div>\n\t\t<div class=\"elementor-element elementor-element-74a5021 e-con-full e-flex e-con e-child\" data-id=\"74a5021\" data-element_type=\"container\" data-e-type=\"container\">\n\t\t\t\t<div class=\"elementor-element elementor-element-0b4604e elementor-widget elementor-widget-heading\" data-id=\"0b4604e\" data-element_type=\"widget\" data-e-type=\"widget\" data-widget_type=\"heading.default\">\n\t\t\t\t<div class=\"elementor-widget-container\">\n\t\t\t\t\t<h3 class=\"elementor-heading-title elementor-size-default\">Retour sur le temps forts du jubil\u00e9 de Jambville<\/h3>\t\t\t\t<\/div>\n\t\t\t\t<\/div>\n\t\t<div class=\"elementor-element elementor-element-6d96a5b e-con-full e-flex e-con e-child\" data-id=\"6d96a5b\" data-element_type=\"container\" data-e-type=\"container\">\n\t\t\t\t<div class=\"elementor-element elementor-element-c12c650 elementor-widget elementor-widget-image\" data-id=\"c12c650\" data-element_type=\"widget\" data-e-type=\"widget\" data-widget_type=\"image.default\">\n\t\t\t\t<div class=\"elementor-widget-container\">\n\t\t\t\t\t\t\t\t\t\t\t\t\t\t\t<img fetchpriority=\"high\" decoding=\"async\" width=\"500\" height=\"152\" src=\"https:\/\/paroissesaintmartindacheres.fr\/wp-content\/uploads\/2025\/06\/Bienvenue-a-Jambville-2025.webp\" class=\"attachment-large size-large wp-image-97155\" alt=\"\" srcset=\"https:\/\/paroissesaintmartindacheres.fr\/wp-content\/uploads\/2025\/06\/Bienvenue-a-Jambville-2025.webp 500w, https:\/\/paroissesaintmartindacheres.fr\/wp-content\/uploads\/2025\/06\/Bienvenue-a-Jambville-2025-300x91.webp 300w\" sizes=\"(max-width: 500px) 100vw, 500px\" \/>\t\t\t\t\t\t\t\t\t\t\t\t\t\t\t<\/div>\n\t\t\t\t<\/div>\n\t\t\t\t<div class=\"elementor-element elementor-element-78b15d6 elementor-widget elementor-widget-text-editor\" data-id=\"78b15d6\" data-element_type=\"widget\" data-e-type=\"widget\" data-widget_type=\"text-editor.default\">\n\t\t\t\t<div class=\"elementor-widget-container\">\n\t\t\t\t\t\t\t\t\t<p>Merci aux 263 paroissiens de notre paroisse qui ont fait le d\u00e9placement, ainsi qu&rsquo;\u00e0 ceux qui n&rsquo;ont pas pu partir et qui les ont accompagn\u00e9s par leurs pri\u00e8res.<\/p><p>Un grand merci aux organisateurs et aux nombreux b\u00e9n\u00e9voles qui ont contribu\u00e9 \u00e0 la r\u00e9ussite de cet \u00e9v\u00e9nement inoubliable.<\/p>\t\t\t\t\t\t\t\t<\/div>\n\t\t\t\t<\/div>\n\t\t\t\t<div class=\"elementor-element elementor-element-6b08984 elementor-align-center elementor-widget elementor-widget-button\" data-id=\"6b08984\" data-element_type=\"widget\" data-e-type=\"widget\" data-widget_type=\"button.default\">\n\t\t\t\t<div class=\"elementor-widget-container\">\n\t\t\t\t\t\t\t\t\t<div class=\"elementor-button-wrapper\">\n\t\t\t\t\t<a class=\"elementor-button elementor-button-link elementor-size-sm\" href=\"https:\/\/paroissesaintmartindacheres.fr\/index.php\/2025\/06\/15\/retour-sur-le-jubile-diocesain-a-jambville\/\">\n\t\t\t\t\t\t<span class=\"elementor-button-content-wrapper\">\n\t\t\t\t\t\t\t\t\t<span class=\"elementor-button-text\">Voir les images du jubil\u00e9 de l'Ascension<\/span>\n\t\t\t\t\t<\/span>\n\t\t\t\t\t<\/a>\n\t\t\t\t<\/div>\n\t\t\t\t\t\t\t\t<\/div>\n\t\t\t\t<\/div>\n\t\t\t\t<\/div>\n\t\t\t\t<\/div>\n\t\t\t\t<\/div>\n\t\t\t\t\t<\/div>\n\t\t\t\t<\/div>\n\t\t<div class=\"elementor-element elementor-element-77adda6 e-flex e-con-boxed e-con e-parent\" data-id=\"77adda6\" data-element_type=\"container\" data-e-type=\"container\">\n\t\t\t\t\t<div class=\"e-con-inner\">\n\t\t<div class=\"elementor-element elementor-element-c4391e7 e-con-full e-flex e-con e-child\" data-id=\"c4391e7\" data-element_type=\"container\" data-e-type=\"container\">\n\t\t\t\t<div class=\"elementor-element elementor-element-8b31976 elementor-widget elementor-widget-heading\" data-id=\"8b31976\" data-element_type=\"widget\" data-e-type=\"widget\" data-widget_type=\"heading.default\">\n\t\t\t\t<div class=\"elementor-widget-container\">\n\t\t\t\t\t<h2 class=\"elementor-heading-title elementor-size-default\">Qu'est ce qu'un jubil\u00e9 ?<\/h2>\t\t\t\t<\/div>\n\t\t\t\t<\/div>\n\t\t\t\t<\/div>\n\t\t\t\t\t<\/div>\n\t\t\t\t<\/div>\n\t\t<div class=\"elementor-element elementor-element-65ad661 e-flex e-con-boxed e-con e-parent\" data-id=\"65ad661\" data-element_type=\"container\" data-e-type=\"container\">\n\t\t\t\t\t<div class=\"e-con-inner\">\n\t\t<div class=\"elementor-element elementor-element-b553f0b e-con-full e-flex e-con e-child\" data-id=\"b553f0b\" data-element_type=\"container\" data-e-type=\"container\">\n\t\t\t\t<div class=\"elementor-element elementor-element-f7e276c elementor-widget elementor-widget-text-editor\" data-id=\"f7e276c\" data-element_type=\"widget\" data-e-type=\"widget\" data-widget_type=\"text-editor.default\">\n\t\t\t\t<div class=\"elementor-widget-container\">\n\t\t\t\t\t\t\t\t\t<p>Le Jubil\u00e9 est un grand \u00e9v\u00e8nement populaire au cours duquel chaque p\u00e8lerin peut s\u2019immerger dans l\u2019infinie <a class=\"glossary-term\" title=\"Attitude qui incite \u00e0 l'indulgence et au pardon.\" href=\"https:\/\/eglise.catholique.fr\/glossaire\/misericorde\/\">mis\u00e9ricorde<\/a> de Dieu. Dans la tradition catholique, l\u2019Ann\u00e9e Jubilaire, aussi appel\u00e9e : \u00ab\u00a0Ann\u00e9e Sainte\u00a0\u00bb parle de <a class=\"glossary-term\" title=\"Harmonie retrouv\u00e9e. Acte par lequel Dieu pardonne au p\u00e9cheur repentant.\" href=\"https:\/\/eglise.catholique.fr\/glossaire\/reconciliation\/\">R\u00e9conciliation<\/a> aux hommes, et a toujours \u00e9t\u00e9 l\u2019occasion propice pour le pardon des p\u00each\u00e9s et l\u2019exp\u00e9rience de l\u2019indulgence. (Source : www.eglisecatholique en france.fr)<\/p><p>Pour plus d&rsquo;information, visiter les sites : <a href=\"https:\/\/eglise.catholique.fr\/jubile-2025-pelerins-desperance\/371544-quest-ce-quun-jubile\/\" target=\"_blank\" rel=\"noopener\"><strong>Eglise Catholique de France.<\/strong><\/a>\u00a0 \u00a0\/\u00a0 \u00a0<a href=\"https:\/\/www.jubile2025yvelines.fr\/demarche-jubilaire\/\" target=\"_blank\" rel=\"noopener\"><strong>D\u00e9marche jubilaire.<\/strong><\/a><\/p>\t\t\t\t\t\t\t\t<\/div>\n\t\t\t\t<\/div>\n\t\t\t\t<\/div>\n\t\t\t\t\t<\/div>\n\t\t\t\t<\/div>\n\t\t<div class=\"elementor-element elementor-element-0b6bce1 e-flex e-con-boxed e-con e-parent\" data-id=\"0b6bce1\" data-element_type=\"container\" data-e-type=\"container\">\n\t\t\t\t\t<div class=\"e-con-inner\">\n\t\t<div class=\"elementor-element elementor-element-aaea5f2 e-con-full e-flex e-con e-child\" data-id=\"aaea5f2\" data-element_type=\"container\" data-e-type=\"container\">\n\t\t\t\t<div class=\"elementor-element elementor-element-7bd0a9b elementor-widget elementor-widget-heading\" data-id=\"7bd0a9b\" data-element_type=\"widget\" data-e-type=\"widget\" data-widget_type=\"heading.default\">\n\t\t\t\t<div class=\"elementor-widget-container\">\n\t\t\t\t\t<h2 class=\"elementor-heading-title elementor-size-default\">Les dates \u00e0 retenir<\/h2>\t\t\t\t<\/div>\n\t\t\t\t<\/div>\n\t\t\t\t<\/div>\n\t\t\t\t\t<\/div>\n\t\t\t\t<\/div>\n\t\t<div class=\"elementor-element elementor-element-0e7b7fb e-flex e-con-boxed e-con e-parent\" data-id=\"0e7b7fb\" data-element_type=\"container\" data-e-type=\"container\">\n\t\t\t\t\t<div class=\"e-con-inner\">\n\t\t<div class=\"elementor-element elementor-element-8db4bdf e-con-full e-flex e-con e-child\" data-id=\"8db4bdf\" data-element_type=\"container\" data-e-type=\"container\">\n\t\t\t\t<div class=\"elementor-element elementor-element-eee407f elementor-widget elementor-widget-video\" data-id=\"eee407f\" data-element_type=\"widget\" data-e-type=\"widget\" data-settings=\"{&quot;youtube_url&quot;:&quot;https:\\\/\\\/youtu.be\\\/i7INwz870Ps?si=S03AhaCElxA4P4G5&quot;,&quot;video_type&quot;:&quot;youtube&quot;,&quot;controls&quot;:&quot;yes&quot;}\" data-widget_type=\"video.default\">\n\t\t\t\t<div class=\"elementor-widget-container\">\n\t\t\t\t\t\t\t<div class=\"elementor-wrapper elementor-open-inline\">\n\t\t\t<div class=\"elementor-video\"><\/div>\t\t<\/div>\n\t\t\t\t\t\t<\/div>\n\t\t\t\t<\/div>\n\t\t\t\t<\/div>\n\t\t<div class=\"elementor-element elementor-element-60a8c8e e-con-full e-flex e-con e-child\" data-id=\"60a8c8e\" data-element_type=\"container\" data-e-type=\"container\" data-settings=\"{&quot;background_background&quot;:&quot;classic&quot;}\">\n\t\t\t\t<div class=\"elementor-element elementor-element-b54d2f9 elementor-widget elementor-widget-text-editor\" data-id=\"b54d2f9\" data-element_type=\"widget\" data-e-type=\"widget\" data-widget_type=\"text-editor.default\">\n\t\t\t\t<div class=\"elementor-widget-container\">\n\t\t\t\t\t\t\t\t\t<p>Le 29 d\u00e9cembre 2024 : Ouverture du jubil\u00e9 dans le dioc\u00e8se<\/p>\t\t\t\t\t\t\t\t<\/div>\n\t\t\t\t<\/div>\n\t\t\t\t<div class=\"elementor-element elementor-element-5859a79 elementor-widget elementor-widget-text-editor\" data-id=\"5859a79\" data-element_type=\"widget\" data-e-type=\"widget\" data-widget_type=\"text-editor.default\">\n\t\t\t\t<div class=\"elementor-widget-container\">\n\t\t\t\t\t\t\t\t\t<p>Le 05 janvier 2025 : Ouverture du jubil\u00e9 dans notre paroisse<\/p>\t\t\t\t\t\t\t\t<\/div>\n\t\t\t\t<\/div>\n\t\t\t\t<div class=\"elementor-element elementor-element-232fd52 elementor-widget elementor-widget-text-editor\" data-id=\"232fd52\" data-element_type=\"widget\" data-e-type=\"widget\" data-widget_type=\"text-editor.default\">\n\t\t\t\t<div class=\"elementor-widget-container\">\n\t\t\t\t\t\t\t\t\t<p>Du 04 au 05 avril 2025 : Vivre la r\u00e9conciliation en doyenn\u00e9, \u00e0 la Coll\u00e9giale de Poissy<\/p>\t\t\t\t\t\t\t\t<\/div>\n\t\t\t\t<\/div>\n\t\t\t\t<div class=\"elementor-element elementor-element-24af5ca elementor-widget elementor-widget-text-editor\" data-id=\"24af5ca\" data-element_type=\"widget\" data-e-type=\"widget\" data-widget_type=\"text-editor.default\">\n\t\t\t\t<div class=\"elementor-widget-container\">\n\t\t\t\t\t\t\t\t\t<p>Le 29 mai 2025 : Grand p\u00e8lerinage dioc\u00e9sain \u00e0 Jambville<\/p>\t\t\t\t\t\t\t\t<\/div>\n\t\t\t\t<\/div>\n\t\t\t\t<\/div>\n\t\t\t\t\t<\/div>\n\t\t\t\t<\/div>\n\t\t<div class=\"elementor-element elementor-element-90ec588 e-flex e-con-boxed e-con e-parent\" data-id=\"90ec588\" data-element_type=\"container\" data-e-type=\"container\">\n\t\t\t\t\t<div class=\"e-con-inner\">\n\t\t<div class=\"elementor-element elementor-element-93e241b e-con-full e-flex e-con e-child\" data-id=\"93e241b\" data-element_type=\"container\" data-e-type=\"container\">\n\t\t\t\t<div class=\"elementor-element elementor-element-d540d7a elementor-widget elementor-widget-heading\" data-id=\"d540d7a\" data-element_type=\"widget\" data-e-type=\"widget\" data-widget_type=\"heading.default\">\n\t\t\t\t<div class=\"elementor-widget-container\">\n\t\t\t\t\t<h2 class=\"elementor-heading-title elementor-size-default\">L'actualit\u00e9 du jubil\u00e9<\/h2>\t\t\t\t<\/div>\n\t\t\t\t<\/div>\n\t\t\t\t<\/div>\n\t\t\t\t\t<\/div>\n\t\t\t\t<\/div>\n\t\t<div class=\"elementor-element elementor-element-34fdfe4 e-flex e-con-boxed e-con e-parent\" data-id=\"34fdfe4\" data-element_type=\"container\" data-e-type=\"container\">\n\t\t\t\t\t<div class=\"e-con-inner\">\n\t\t<div class=\"elementor-element elementor-element-e93cab5 e-con-full e-flex e-con e-child\" data-id=\"e93cab5\" data-element_type=\"container\" data-e-type=\"container\">\n\t\t\t\t<div class=\"elementor-element elementor-element-37a8690 upk-item-match-height--yes upk-navigation-type-arrows upk-carousel-style-carousel elementor-widget elementor-widget-upk-alter-carousel\" data-id=\"37a8690\" data-element_type=\"widget\" data-e-type=\"widget\" data-widget_type=\"upk-alter-carousel.default\">\n\t\t\t\t<div class=\"elementor-widget-container\">\n\t\t\t\t\t\t\t<div id=\"upk-alter-carousel-37a8690\" class=\"upk-alter-carousel upk-arrows-align-center\" data-settings=\"{&quot;autoplay&quot;:{&quot;delay&quot;:5000},&quot;loop&quot;:true,&quot;speed&quot;:500,&quot;slidesPerView&quot;:1,&quot;slidesPerGroup&quot;:1,&quot;effect&quot;:&quot;carousel&quot;,&quot;direction&quot;:&quot;horizontal&quot;,&quot;watchSlidesVisibility&quot;:true,&quot;watchSlidesProgress&quot;:true,&quot;breakpoints&quot;:{&quot;767&quot;:{&quot;slidesPerView&quot;:2,&quot;spaceBetween&quot;:0,&quot;slidesPerGroup&quot;:1},&quot;1023&quot;:{&quot;slidesPerView&quot;:3,&quot;spaceBetween&quot;:20,&quot;slidesPerGroup&quot;:1}},&quot;navigation&quot;:{&quot;nextEl&quot;:&quot;#upk-alter-carousel-37a8690 .upk-navigation-next&quot;,&quot;prevEl&quot;:&quot;#upk-alter-carousel-37a8690 .upk-navigation-prev&quot;},&quot;pagination&quot;:{&quot;el&quot;:&quot;#upk-alter-carousel-37a8690 .swiper-pagination&quot;,&quot;type&quot;:&quot;&quot;,&quot;clickable&quot;:&quot;true&quot;,&quot;dynamicBullets&quot;:false},&quot;scrollbar&quot;:{&quot;el&quot;:&quot;#upk-alter-carousel-37a8690 .swiper-scrollbar&quot;,&quot;hide&quot;:&quot;true&quot;},&quot;coverflowEffect&quot;:{&quot;rotate&quot;:50,&quot;stretch&quot;:0,&quot;depth&quot;:100,&quot;modifier&quot;:1,&quot;slideShadows&quot;:true}}\">\n\t\t\t<div class=\"upk-post-grid\">\n\t\t\t\t<div class=\"swiper-carousel swiper\">\n\t\t\t\t\t<div class=\"swiper-wrapper\">\n\t\t\t\t\t\t\t\t\t\t\t<div class=\"upk-item swiper-slide\">\n\t\t\t\t\t\t\t<div class=\"upk-item-box\">\n\t\t\t\t\t\t\t\t<div class=\"upk-img-wrap\">\n\t\t\t\t\t\t\t\t\t<div class=\"upk-main-img\">\n\t\t\t\t\t\t\t\t\t\t<img decoding=\"async\" width=\"300\" height=\"119\" src=\"https:\/\/paroissesaintmartindacheres.fr\/wp-content\/uploads\/2024\/10\/Logo-jubile-2025-300x119.webp\" class=\"upk-img\" alt=\"Veill\u00e9e d&rsquo;action de gr\u00e2ce pour la cl\u00f4ture de l&rsquo;ann\u00e9e jubilaire\" srcset=\"https:\/\/paroissesaintmartindacheres.fr\/wp-content\/uploads\/2024\/10\/Logo-jubile-2025-300x119.webp 300w, https:\/\/paroissesaintmartindacheres.fr\/wp-content\/uploads\/2024\/10\/Logo-jubile-2025.webp 435w\" sizes=\"(max-width: 300px) 100vw, 300px\" \/>\t\t\t\t\t\t\t\t\t\t\t\t\t\t\t\t\t\t\t\t\t\t\t\t\t\t\t\t\t<\/div>\n\t\t\t\t\t\t\t\t<\/div>\n\n\t\t\t\t\t\t\t\t<div class=\"upk-content\">\n\t\t\t\t\t\t\t\t\t<div>\n\t\t\t\t\t\t\t\t\t\t\t\t\t\t\t\t\t\t\t\t<h3 class=\"upk-title\"><a href=\"https:\/\/paroissesaintmartindacheres.fr\/index.php\/2026\/02\/12\/veillee-daction-de-grace-pour-la-cloture-de-lannee-jubilaire\/\" title=\"Veill\u00e9e d&rsquo;action de gr\u00e2ce pour la cl\u00f4ture de l&rsquo;ann\u00e9e jubilaire\" class=\"title-animation-underline\" aria-label=\"Veill\u00e9e d&rsquo;action de gr\u00e2ce pour la cl\u00f4ture de l&rsquo;ann\u00e9e jubilaire\">Veill\u00e9e d&rsquo;action de gr\u00e2ce pour la cl\u00f4ture de l&rsquo;ann\u00e9e jubilaire<\/a><\/h3>\n\t\t\t\t\t\t\t\t\t\t<div class=\"upk-text-wrap\">\n\t\t\t\t\t\t\t\t\t\t\t\t\t\t\t\t\t\t\t\t\t\t\t\t\t\t\t\t\t\t\t\t<\/div>\n\n\t\t\t\t\t\t\t\t\t\t\n\t\t\t\t\t\t\t\t\t<\/div>\n\t\t\t\t\t\t\t\t<\/div>\n\t\t\t\t\t\t\t<\/div>\n\t\t\t\t\t\t<\/div>\n\t\t\t\t\t\t\t\t\t\t<div class=\"upk-item swiper-slide\">\n\t\t\t\t\t\t\t<div class=\"upk-item-box\">\n\t\t\t\t\t\t\t\t<div class=\"upk-img-wrap\">\n\t\t\t\t\t\t\t\t\t<div class=\"upk-main-img\">\n\t\t\t\t\t\t\t\t\t\t<img decoding=\"async\" width=\"300\" height=\"107\" src=\"https:\/\/paroissesaintmartindacheres.fr\/wp-content\/uploads\/2025\/12\/Cloture-du-Jubile-a-Versailles-300x107.webp\" class=\"upk-img\" alt=\"Cl\u00f4ture du Jubil\u00e9 dans le dioc\u00e8se de Versailles : Nous sommes tous invit\u00e9s !\" srcset=\"https:\/\/paroissesaintmartindacheres.fr\/wp-content\/uploads\/2025\/12\/Cloture-du-Jubile-a-Versailles-300x107.webp 300w, https:\/\/paroissesaintmartindacheres.fr\/wp-content\/uploads\/2025\/12\/Cloture-du-Jubile-a-Versailles.webp 500w\" sizes=\"(max-width: 300px) 100vw, 300px\" \/>\t\t\t\t\t\t\t\t\t\t\t\t\t\t\t\t\t\t\t\t\t\t\t\t\t\t\t\t\t<\/div>\n\t\t\t\t\t\t\t\t<\/div>\n\n\t\t\t\t\t\t\t\t<div class=\"upk-content\">\n\t\t\t\t\t\t\t\t\t<div>\n\t\t\t\t\t\t\t\t\t\t\t\t\t\t\t\t\t\t\t\t<h3 class=\"upk-title\"><a href=\"https:\/\/paroissesaintmartindacheres.fr\/index.php\/2025\/12\/16\/cloture-du-jubile-au-diocese-de-versailles-nous-sommes-tous-invites\/\" title=\"Cl\u00f4ture du Jubil\u00e9 dans le dioc\u00e8se de Versailles : Nous sommes tous invit\u00e9s !\" class=\"title-animation-underline\" aria-label=\"Cl\u00f4ture du Jubil\u00e9 dans le dioc\u00e8se de Versailles : Nous sommes tous invit\u00e9s !\">Cl\u00f4ture du Jubil\u00e9 dans le dioc\u00e8se de Versailles : Nous sommes tous invit\u00e9s !<\/a><\/h3>\n\t\t\t\t\t\t\t\t\t\t<div class=\"upk-text-wrap\">\n\t\t\t\t\t\t\t\t\t\t\t\t\t\t\t\t\t\t\t\t\t\t\t\t\t\t\t\t\t\t\t\t<\/div>\n\n\t\t\t\t\t\t\t\t\t\t\n\t\t\t\t\t\t\t\t\t<\/div>\n\t\t\t\t\t\t\t\t<\/div>\n\t\t\t\t\t\t\t<\/div>\n\t\t\t\t\t\t<\/div>\n\t\t\t\t\t\t\t\t\t\t<div class=\"upk-item swiper-slide\">\n\t\t\t\t\t\t\t<div class=\"upk-item-box\">\n\t\t\t\t\t\t\t\t<div class=\"upk-img-wrap\">\n\t\t\t\t\t\t\t\t\t<div class=\"upk-main-img\">\n\t\t\t\t\t\t\t\t\t\t<img loading=\"lazy\" decoding=\"async\" width=\"300\" height=\"94\" src=\"https:\/\/paroissesaintmartindacheres.fr\/wp-content\/uploads\/2025\/03\/Banniere-page-Jubile-2025-300x94.webp\" class=\"upk-img\" alt=\"Retour sur le jubil\u00e9 dioc\u00e9sain \u00e0 Jambville\" srcset=\"https:\/\/paroissesaintmartindacheres.fr\/wp-content\/uploads\/2025\/03\/Banniere-page-Jubile-2025-300x94.webp 300w, https:\/\/paroissesaintmartindacheres.fr\/wp-content\/uploads\/2025\/03\/Banniere-page-Jubile-2025-1024x322.webp 1024w, https:\/\/paroissesaintmartindacheres.fr\/wp-content\/uploads\/2025\/03\/Banniere-page-Jubile-2025-768x242.webp 768w, https:\/\/paroissesaintmartindacheres.fr\/wp-content\/uploads\/2025\/03\/Banniere-page-Jubile-2025.webp 1280w\" sizes=\"(max-width: 300px) 100vw, 300px\" \/>\t\t\t\t\t\t\t\t\t\t\t\t\t\t\t\t\t\t\t\t\t\t\t\t\t\t\t\t\t<\/div>\n\t\t\t\t\t\t\t\t<\/div>\n\n\t\t\t\t\t\t\t\t<div class=\"upk-content\">\n\t\t\t\t\t\t\t\t\t<div>\n\t\t\t\t\t\t\t\t\t\t\t\t\t\t\t\t\t\t\t\t<h3 class=\"upk-title\"><a href=\"https:\/\/paroissesaintmartindacheres.fr\/index.php\/2025\/06\/15\/retour-sur-le-jubile-diocesain-a-jambville\/\" title=\"Retour sur le jubil\u00e9 dioc\u00e9sain \u00e0 Jambville\" class=\"title-animation-underline\" aria-label=\"Retour sur le jubil\u00e9 dioc\u00e9sain \u00e0 Jambville\">Retour sur le jubil\u00e9 dioc\u00e9sain \u00e0 Jambville<\/a><\/h3>\n\t\t\t\t\t\t\t\t\t\t<div class=\"upk-text-wrap\">\n\t\t\t\t\t\t\t\t\t\t\t\t\t\t\t\t\t\t\t\t\t\t\t\t\t\t\t\t\t\t\t\t<\/div>\n\n\t\t\t\t\t\t\t\t\t\t\n\t\t\t\t\t\t\t\t\t<\/div>\n\t\t\t\t\t\t\t\t<\/div>\n\t\t\t\t\t\t\t<\/div>\n\t\t\t\t\t\t<\/div>\n\t\t\t\t\t\t\t\t\t\t<div class=\"upk-item swiper-slide\">\n\t\t\t\t\t\t\t<div class=\"upk-item-box\">\n\t\t\t\t\t\t\t\t<div class=\"upk-img-wrap\">\n\t\t\t\t\t\t\t\t\t<div class=\"upk-main-img\">\n\t\t\t\t\t\t\t\t\t\t<img loading=\"lazy\" decoding=\"async\" width=\"300\" height=\"91\" src=\"https:\/\/paroissesaintmartindacheres.fr\/wp-content\/uploads\/2025\/02\/Introduction-au-jubile-2025-1-300x91.webp\" class=\"upk-img\" alt=\"P\u00e8lerinage \u00e0 Jambville : dispositions pratiques avant le grand d\u00e9part\" srcset=\"https:\/\/paroissesaintmartindacheres.fr\/wp-content\/uploads\/2025\/02\/Introduction-au-jubile-2025-1-300x91.webp 300w, https:\/\/paroissesaintmartindacheres.fr\/wp-content\/uploads\/2025\/02\/Introduction-au-jubile-2025-1.webp 500w\" sizes=\"(max-width: 300px) 100vw, 300px\" \/>\t\t\t\t\t\t\t\t\t\t\t\t\t\t\t\t\t\t\t\t\t\t\t\t\t\t\t\t\t<\/div>\n\t\t\t\t\t\t\t\t<\/div>\n\n\t\t\t\t\t\t\t\t<div class=\"upk-content\">\n\t\t\t\t\t\t\t\t\t<div>\n\t\t\t\t\t\t\t\t\t\t\t\t\t\t\t\t\t\t\t\t<h3 class=\"upk-title\"><a href=\"https:\/\/paroissesaintmartindacheres.fr\/index.php\/2025\/05\/11\/pelerinage-a-jambville-dispositions-pratiques-avant-le-grand-depart\/\" title=\"P\u00e8lerinage \u00e0 Jambville : dispositions pratiques avant le grand d\u00e9part\" class=\"title-animation-underline\" aria-label=\"P\u00e8lerinage \u00e0 Jambville : dispositions pratiques avant le grand d\u00e9part\">P\u00e8lerinage \u00e0 Jambville : dispositions pratiques avant le grand d\u00e9part<\/a><\/h3>\n\t\t\t\t\t\t\t\t\t\t<div class=\"upk-text-wrap\">\n\t\t\t\t\t\t\t\t\t\t\t\t\t\t\t\t\t\t\t\t\t\t\t\t\t\t\t\t\t\t\t\t<\/div>\n\n\t\t\t\t\t\t\t\t\t\t\n\t\t\t\t\t\t\t\t\t<\/div>\n\t\t\t\t\t\t\t\t<\/div>\n\t\t\t\t\t\t\t<\/div>\n\t\t\t\t\t\t<\/div>\n\t\t\t\t\t\t\t\t\t\t<div class=\"upk-item swiper-slide\">\n\t\t\t\t\t\t\t<div class=\"upk-item-box\">\n\t\t\t\t\t\t\t\t<div class=\"upk-img-wrap\">\n\t\t\t\t\t\t\t\t\t<div class=\"upk-main-img\">\n\t\t\t\t\t\t\t\t\t\t<img loading=\"lazy\" decoding=\"async\" width=\"300\" height=\"121\" src=\"https:\/\/paroissesaintmartindacheres.fr\/wp-content\/uploads\/2025\/03\/Jubile-de-la-reconciliation-2025-300x121.webp\" class=\"upk-img\" alt=\"Le jubil\u00e9 de la r\u00e9conciliation en doyenn\u00e9\" srcset=\"https:\/\/paroissesaintmartindacheres.fr\/wp-content\/uploads\/2025\/03\/Jubile-de-la-reconciliation-2025-300x121.webp 300w, https:\/\/paroissesaintmartindacheres.fr\/wp-content\/uploads\/2025\/03\/Jubile-de-la-reconciliation-2025.webp 500w\" sizes=\"(max-width: 300px) 100vw, 300px\" \/>\t\t\t\t\t\t\t\t\t\t\t\t\t\t\t\t\t\t\t\t\t\t\t\t\t\t\t\t\t<\/div>\n\t\t\t\t\t\t\t\t<\/div>\n\n\t\t\t\t\t\t\t\t<div class=\"upk-content\">\n\t\t\t\t\t\t\t\t\t<div>\n\t\t\t\t\t\t\t\t\t\t\t\t\t\t\t\t\t\t\t\t<h3 class=\"upk-title\"><a href=\"https:\/\/paroissesaintmartindacheres.fr\/index.php\/2025\/03\/05\/le-jubile-de-la-reconciliation-en-doyenne\/\" title=\"Le jubil\u00e9 de la r\u00e9conciliation en doyenn\u00e9\" class=\"title-animation-underline\" aria-label=\"Le jubil\u00e9 de la r\u00e9conciliation en doyenn\u00e9\">Le jubil\u00e9 de la r\u00e9conciliation en doyenn\u00e9<\/a><\/h3>\n\t\t\t\t\t\t\t\t\t\t<div class=\"upk-text-wrap\">\n\t\t\t\t\t\t\t\t\t\t\t\t\t\t\t\t\t\t\t\t\t\t\t\t\t\t\t\t\t\t\t\t<\/div>\n\n\t\t\t\t\t\t\t\t\t\t\n\t\t\t\t\t\t\t\t\t<\/div>\n\t\t\t\t\t\t\t\t<\/div>\n\t\t\t\t\t\t\t<\/div>\n\t\t\t\t\t\t<\/div>\n\t\t\t\t\t\t<\/div>\n\t\t\t\t<\/div>\n\t\t\n\t\t\t\t\t\t\t\t\t\t\t<div class=\"upk-position-z-index upk-position-center upk-visible@m\">\n\t\t\t\t<div class=\"upk-arrows-container upk-slidenav-container\">\n\t\t\t\t\t<div class=\"upk-navigation-prev\">\n\t\t\t\t\t\t<i class=\"upk-icon-arrow-left-0\" aria-hidden=\"true\"><\/i>\n\t\t\t\t\t<\/div>\n\t\t\t\t\t<div class=\"upk-navigation-next\">\n\t\t\t\t\t\t<i class=\"upk-icon-arrow-right-0\" aria-hidden=\"true\"><\/i>\n\t\t\t\t\t<\/div>\n\t\t\t\t<\/div>\n\t\t\t<\/div>\n\t\t\t\t\n\t\t<\/div>\n\t\t<\/div>\n\t\t\t\t\t\t<\/div>\n\t\t\t\t<\/div>\n\t\t\t\t<\/div>\n\t\t\t\t\t<\/div>\n\t\t\t\t<\/div>\n\t\t<div class=\"elementor-element elementor-element-b9ffb2f e-flex e-con-boxed e-con e-parent\" data-id=\"b9ffb2f\" data-element_type=\"container\" data-e-type=\"container\">\n\t\t\t\t\t<div class=\"e-con-inner\">\n\t\t<div class=\"elementor-element elementor-element-a7e6b22 e-con-full e-flex e-con e-child\" data-id=\"a7e6b22\" data-element_type=\"container\" data-e-type=\"container\">\n\t\t\t\t<div class=\"elementor-element elementor-element-73358e5 elementor-widget elementor-widget-heading\" data-id=\"73358e5\" data-element_type=\"widget\" data-e-type=\"widget\" data-widget_type=\"heading.default\">\n\t\t\t\t<div class=\"elementor-widget-container\">\n\t\t\t\t\t<h2 class=\"elementor-heading-title elementor-size-default\">Les activit\u00e9s marquantes de l'ann\u00e9e<\/h2>\t\t\t\t<\/div>\n\t\t\t\t<\/div>\n\t\t\t\t<\/div>\n\t\t\t\t\t<\/div>\n\t\t\t\t<\/div>\n\t\t<div class=\"elementor-element elementor-element-a15c39d e-flex e-con-boxed e-con e-parent\" data-id=\"a15c39d\" data-element_type=\"container\" data-e-type=\"container\" data-settings=\"{&quot;background_background&quot;:&quot;classic&quot;}\">\n\t\t\t\t\t<div class=\"e-con-inner\">\n\t\t<div class=\"elementor-element elementor-element-c6c9ee8 e-con-full e-flex e-con e-child\" data-id=\"c6c9ee8\" data-element_type=\"container\" data-e-type=\"container\">\n\t\t<div class=\"elementor-element elementor-element-dd7f7b3 e-con-full e-flex e-con e-child\" data-id=\"dd7f7b3\" data-element_type=\"container\" data-e-type=\"container\">\n\t\t\t\t<div class=\"elementor-element elementor-element-1b7edb7 elementor-widget elementor-widget-heading\" data-id=\"1b7edb7\" data-element_type=\"widget\" data-e-type=\"widget\" data-widget_type=\"heading.default\">\n\t\t\t\t<div class=\"elementor-widget-container\">\n\t\t\t\t\t<h2 class=\"elementor-heading-title elementor-size-default\">Les activit\u00e9s propos\u00e9es dans le dioc\u00e8se<\/h2>\t\t\t\t<\/div>\n\t\t\t\t<\/div>\n\t\t\t\t<\/div>\n\t\t<div class=\"elementor-element elementor-element-4ffee54 e-con-full e-flex e-con e-child\" data-id=\"4ffee54\" data-element_type=\"container\" data-e-type=\"container\">\n\t\t\t\t<div class=\"elementor-element elementor-element-a44bd59 elementor-widget elementor-widget-text-editor\" data-id=\"a44bd59\" data-element_type=\"widget\" data-e-type=\"widget\" data-widget_type=\"text-editor.default\">\n\t\t\t\t<div class=\"elementor-widget-container\">\n\t\t\t\t\t\t\t\t\t<p>Un\u00a0<strong><a href=\"https:\/\/www.jubile2025yvelines.fr\/parcours-pelerins-desperance\/\" target=\"_blank\" rel=\"noopener\">parcours en 4 rencontres<\/a><\/strong>\u00a0par petits groupes pour plonger \u00e0 la source de notre esp\u00e9rance.<\/p>\t\t\t\t\t\t\t\t<\/div>\n\t\t\t\t<\/div>\n\t\t\t\t<div class=\"elementor-element elementor-element-f62df12 elementor-widget elementor-widget-text-editor\" data-id=\"f62df12\" data-element_type=\"widget\" data-e-type=\"widget\" data-widget_type=\"text-editor.default\">\n\t\t\t\t<div class=\"elementor-widget-container\">\n\t\t\t\t\t\t\t\t\t<p>Jubil\u00e9 de la r\u00e9conciliation organis\u00e9 dans chaque doyenn\u00e9 : Une c\u00e9l\u00e9bration p\u00e9nitentielle avec un enseignement, une d\u00e9marche de r\u00e9conciliation, la v\u00e9n\u00e9ration de la croix et la possibilit\u00e9 de se confesser.<\/p>\t\t\t\t\t\t\t\t<\/div>\n\t\t\t\t<\/div>\n\t\t\t\t<div class=\"elementor-element elementor-element-f7d83f9 elementor-widget elementor-widget-text-editor\" data-id=\"f7d83f9\" data-element_type=\"widget\" data-e-type=\"widget\" data-widget_type=\"text-editor.default\">\n\t\t\t\t<div class=\"elementor-widget-container\">\n\t\t\t\t\t\t\t\t\t<p><strong><a href=\"https:\/\/www.jubile2025yvelines.fr\/demarche-jubilaire\/\">Deux \u00e9glises jubilaires<\/a>\u00a0<\/strong>o\u00f9 se rendre :<br \/>\u2022 Cath\u00e9drale Saint-Louis, \u00e0 Versailles.<br \/>\u2022 \u00c9glise Saint-Joseph-le-Bienveillant, \u00e0 Voisins-le-Bretonneux.<\/p>\t\t\t\t\t\t\t\t<\/div>\n\t\t\t\t<\/div>\n\t\t\t\t<\/div>\n\t\t\t\t<\/div>\n\t\t<div class=\"elementor-element elementor-element-a3e1e43 e-con-full e-flex e-con e-child\" data-id=\"a3e1e43\" data-element_type=\"container\" data-e-type=\"container\">\n\t\t<div class=\"elementor-element elementor-element-12e0f6e e-con-full e-flex e-con e-child\" data-id=\"12e0f6e\" data-element_type=\"container\" data-e-type=\"container\">\n\t\t\t\t<div class=\"elementor-element elementor-element-ab96039 elementor-widget elementor-widget-heading\" data-id=\"ab96039\" data-element_type=\"widget\" data-e-type=\"widget\" data-widget_type=\"heading.default\">\n\t\t\t\t<div class=\"elementor-widget-container\">\n\t\t\t\t\t<h2 class=\"elementor-heading-title elementor-size-default\">Les activit\u00e9s propos\u00e9es par les \u00e9glises jubilaires<\/h2>\t\t\t\t<\/div>\n\t\t\t\t<\/div>\n\t\t\t\t<\/div>\n\t\t<div class=\"elementor-element elementor-element-5dc0e16 e-con-full e-flex e-con e-child\" data-id=\"5dc0e16\" data-element_type=\"container\" data-e-type=\"container\">\n\t\t\t\t<div class=\"elementor-element elementor-element-0e2b2ba elementor-widget elementor-widget-text-editor\" data-id=\"0e2b2ba\" data-element_type=\"widget\" data-e-type=\"widget\" data-widget_type=\"text-editor.default\">\n\t\t\t\t<div class=\"elementor-widget-container\">\n\t\t\t\t\t\t\t\t\t<p>Les deux \u00e9glises proposent tous les samedi de 17h \u00e0 18h30, un parcours jubilaire, la possibilit\u00e9 de se confesser (sacrement de r\u00e9conciliation) et de prier.<\/p>\t\t\t\t\t\t\t\t<\/div>\n\t\t\t\t<\/div>\n\t\t\t\t<\/div>\n\t\t<div class=\"elementor-element elementor-element-ce36a82 e-con-full e-flex e-con e-child\" data-id=\"ce36a82\" data-element_type=\"container\" data-e-type=\"container\" data-settings=\"{&quot;background_background&quot;:&quot;classic&quot;}\">\n\t\t<div class=\"elementor-element elementor-element-9cb5ec2 e-con-full e-flex e-con e-child\" data-id=\"9cb5ec2\" data-element_type=\"container\" data-e-type=\"container\">\n\t\t\t\t<div class=\"elementor-element elementor-element-4d336fa elementor-widget elementor-widget-image\" data-id=\"4d336fa\" data-element_type=\"widget\" data-e-type=\"widget\" data-widget_type=\"image.default\">\n\t\t\t\t<div class=\"elementor-widget-container\">\n\t\t\t\t\t\t\t\t\t\t\t\t\t\t\t<img loading=\"lazy\" decoding=\"async\" width=\"178\" height=\"100\" src=\"https:\/\/paroissesaintmartindacheres.fr\/wp-content\/uploads\/2025\/03\/Cathedrale-Saint-Louis-Versailles.webp\" class=\"attachment-large size-large wp-image-10298\" alt=\"\" \/>\t\t\t\t\t\t\t\t\t\t\t\t\t\t\t<\/div>\n\t\t\t\t<\/div>\n\t\t\t\t<\/div>\n\t\t<div class=\"elementor-element elementor-element-8134780 e-con-full e-flex e-con e-child\" data-id=\"8134780\" data-element_type=\"container\" data-e-type=\"container\">\n\t\t\t\t<div class=\"elementor-element elementor-element-e5f5be5 elementor-widget elementor-widget-text-editor\" data-id=\"e5f5be5\" data-element_type=\"widget\" data-e-type=\"widget\" data-widget_type=\"text-editor.default\">\n\t\t\t\t<div class=\"elementor-widget-container\">\n\t\t\t\t\t\t\t\t\t<p><a href=\"https:\/\/www.cathedralesaintlouisversailles.fr\/\" target=\"_blank\" rel=\"noopener\">D\u00e9marche jubilaire \u00e0 la cath\u00e9drale Saint Louis de Versailles<\/a><\/p>\t\t\t\t\t\t\t\t<\/div>\n\t\t\t\t<\/div>\n\t\t\t\t<\/div>\n\t\t\t\t<\/div>\n\t\t<div class=\"elementor-element elementor-element-bbe7c08 e-con-full e-flex e-con e-child\" data-id=\"bbe7c08\" data-element_type=\"container\" data-e-type=\"container\" data-settings=\"{&quot;background_background&quot;:&quot;classic&quot;}\">\n\t\t<div class=\"elementor-element elementor-element-abd24ca e-con-full e-flex e-con e-child\" data-id=\"abd24ca\" data-element_type=\"container\" data-e-type=\"container\">\n\t\t\t\t<div class=\"elementor-element elementor-element-4d2e25b elementor-widget elementor-widget-image\" data-id=\"4d2e25b\" data-element_type=\"widget\" data-e-type=\"widget\" data-widget_type=\"image.default\">\n\t\t\t\t<div class=\"elementor-widget-container\">\n\t\t\t\t\t\t\t\t\t\t\t\t\t\t\t<img loading=\"lazy\" decoding=\"async\" width=\"178\" height=\"101\" src=\"https:\/\/paroissesaintmartindacheres.fr\/wp-content\/uploads\/2025\/03\/Eglise-Saint-Joseph-Voisins-Montigny.webp\" class=\"attachment-large size-large wp-image-10299\" alt=\"\" \/>\t\t\t\t\t\t\t\t\t\t\t\t\t\t\t<\/div>\n\t\t\t\t<\/div>\n\t\t\t\t<\/div>\n\t\t<div class=\"elementor-element elementor-element-c3aff27 e-con-full e-flex e-con e-child\" data-id=\"c3aff27\" data-element_type=\"container\" data-e-type=\"container\">\n\t\t\t\t<div class=\"elementor-element elementor-element-9a1a833 elementor-widget elementor-widget-text-editor\" data-id=\"9a1a833\" data-element_type=\"widget\" data-e-type=\"widget\" data-widget_type=\"text-editor.default\">\n\t\t\t\t<div class=\"elementor-widget-container\">\n\t\t\t\t\t\t\t\t\t<p><a href=\"https:\/\/paroisse.montigny-voisins.fr\/actualites\/vivre-la-demarche-jubilaire-a-st-joseph-le-bienveillant\/\" target=\"_blank\" rel=\"noopener\">D\u00e9marche jubilaire \u00e0 l&rsquo;\u00e9glise Saint-Joseph-le-Bienveillant de Voisins-le-Bretonneux<\/a><\/p>\t\t\t\t\t\t\t\t<\/div>\n\t\t\t\t<\/div>\n\t\t\t\t<\/div>\n\t\t\t\t<\/div>\n\t\t\t\t<\/div>\n\t\t\t\t\t<\/div>\n\t\t\t\t<\/div>\n\t\t<div class=\"elementor-element elementor-element-6e8983a e-flex e-con-boxed e-con e-parent\" data-id=\"6e8983a\" data-element_type=\"container\" data-e-type=\"container\">\n\t\t\t\t\t<div class=\"e-con-inner\">\n\t\t<div class=\"elementor-element elementor-element-9506f74 e-con-full e-flex e-con e-child\" data-id=\"9506f74\" data-element_type=\"container\" data-e-type=\"container\">\n\t\t\t\t<div class=\"elementor-element elementor-element-92e396d elementor-widget elementor-widget-heading\" data-id=\"92e396d\" data-element_type=\"widget\" data-e-type=\"widget\" data-widget_type=\"heading.default\">\n\t\t\t\t<div class=\"elementor-widget-container\">\n\t\t\t\t\t<h2 class=\"elementor-heading-title elementor-size-default\">Quelques ressources<\/h2>\t\t\t\t<\/div>\n\t\t\t\t<\/div>\n\t\t\t\t<\/div>\n\t\t\t\t\t<\/div>\n\t\t\t\t<\/div>\n\t\t<div class=\"elementor-element elementor-element-06e2fa0 e-flex e-con-boxed e-con e-parent\" data-id=\"06e2fa0\" data-element_type=\"container\" data-e-type=\"container\">\n\t\t\t\t\t<div class=\"e-con-inner\">\n\t\t<div class=\"elementor-element elementor-element-a8538a7 e-con-full e-flex e-con e-child\" data-id=\"a8538a7\" data-element_type=\"container\" data-e-type=\"container\">\n\t\t<div class=\"elementor-element elementor-element-3d29258 e-con-full e-flex e-con e-child\" data-id=\"3d29258\" data-element_type=\"container\" data-e-type=\"container\">\n\t\t\t\t<div class=\"elementor-element elementor-element-5eef11a elementor-position-top elementor-widget elementor-widget-image-box\" data-id=\"5eef11a\" data-element_type=\"widget\" data-e-type=\"widget\" data-widget_type=\"image-box.default\">\n\t\t\t\t<div class=\"elementor-widget-container\">\n\t\t\t\t\t<div class=\"elementor-image-box-wrapper\"><figure class=\"elementor-image-box-img\"><a href=\"https:\/\/www.jubile2025yvelines.fr\/rassemblement-diocesain-a-jambville\/\" target=\"_blank\" tabindex=\"-1\"><img loading=\"lazy\" decoding=\"async\" width=\"300\" height=\"209\" src=\"https:\/\/paroissesaintmartindacheres.fr\/wp-content\/uploads\/2025\/03\/Groupe-de-Pelerinage-ete-300x209.webp\" class=\"attachment-medium size-medium wp-image-10300\" alt=\"\" srcset=\"https:\/\/paroissesaintmartindacheres.fr\/wp-content\/uploads\/2025\/03\/Groupe-de-Pelerinage-ete-300x209.webp 300w, https:\/\/paroissesaintmartindacheres.fr\/wp-content\/uploads\/2025\/03\/Groupe-de-Pelerinage-ete.webp 316w\" sizes=\"(max-width: 300px) 100vw, 300px\" \/><\/a><\/figure><div class=\"elementor-image-box-content\"><h4 class=\"elementor-image-box-title\"><a href=\"https:\/\/www.jubile2025yvelines.fr\/rassemblement-diocesain-a-jambville\/\" target=\"_blank\">Programme du p\u00e8lerinage \u00e0 Jambville<\/a><\/h4><\/div><\/div>\t\t\t\t<\/div>\n\t\t\t\t<\/div>\n\t\t\t\t<\/div>\n\t\t<div class=\"elementor-element elementor-element-a1986a0 e-con-full e-flex e-con e-child\" data-id=\"a1986a0\" data-element_type=\"container\" data-e-type=\"container\">\n\t\t\t\t<div class=\"elementor-element elementor-element-0237d6c elementor-position-top elementor-widget elementor-widget-image-box\" data-id=\"0237d6c\" data-element_type=\"widget\" data-e-type=\"widget\" data-widget_type=\"image-box.default\">\n\t\t\t\t<div class=\"elementor-widget-container\">\n\t\t\t\t\t<div class=\"elementor-image-box-wrapper\"><figure class=\"elementor-image-box-img\"><a href=\"https:\/\/eglise.catholique.fr\/jubile-2025-pelerins-desperance\/410959-indulgence-pleniere\/\" target=\"_blank\" tabindex=\"-1\"><img loading=\"lazy\" decoding=\"async\" width=\"300\" height=\"209\" src=\"https:\/\/paroissesaintmartindacheres.fr\/wp-content\/uploads\/2025\/03\/Messe-orthodoxe-300x209.webp\" class=\"attachment-medium size-medium wp-image-10301\" alt=\"\" srcset=\"https:\/\/paroissesaintmartindacheres.fr\/wp-content\/uploads\/2025\/03\/Messe-orthodoxe-300x209.webp 300w, https:\/\/paroissesaintmartindacheres.fr\/wp-content\/uploads\/2025\/03\/Messe-orthodoxe.webp 316w\" sizes=\"(max-width: 300px) 100vw, 300px\" \/><\/a><\/figure><div class=\"elementor-image-box-content\"><h4 class=\"elementor-image-box-title\"><a href=\"https:\/\/eglise.catholique.fr\/jubile-2025-pelerins-desperance\/410959-indulgence-pleniere\/\" target=\"_blank\">Qu'est-ce-que l'indulgence pl\u00e9ni\u00e8re<\/a><\/h4><\/div><\/div>\t\t\t\t<\/div>\n\t\t\t\t<\/div>\n\t\t\t\t<\/div>\n\t\t\t\t<\/div>\n\t\t\t\t\t<\/div>\n\t\t\t\t<\/div>\n\t\t\t\t<\/div>\n\t\t","protected":false},"excerpt":{"rendered":"<p>12 000 p\u00e8lerins venus de toutes les paroisses du dioc\u00e8se ont r\u00e9pondu \u00e0 l&rsquo;appel Voir tous les d\u00e9tails du rassemblement Le pape Fran\u00e7ois a d\u00e9clar\u00e9 l\u2019ann\u00e9e sainte 2025, ann\u00e9e jubilaire [&hellip;]<\/p>\n","protected":false},"author":8,"featured_media":0,"parent":0,"menu_order":0,"comment_status":"closed","ping_status":"closed","template":"","meta":{"footnotes":""},"class_list":["post-9692","page","type-page","status-publish","hentry","entry","has-media"],"_links":{"self":[{"href":"https:\/\/paroissesaintmartindacheres.fr\/index.php\/wp-json\/wp\/v2\/pages\/9692","targetHints":{"allow":["GET"]}}],"collection":[{"href":"https:\/\/paroissesaintmartindacheres.fr\/index.php\/wp-json\/wp\/v2\/pages"}],"about":[{"href":"https:\/\/paroissesaintmartindacheres.fr\/index.php\/wp-json\/wp\/v2\/types\/page"}],"author":[{"embeddable":true,"href":"https:\/\/paroissesaintmartindacheres.fr\/index.php\/wp-json\/wp\/v2\/users\/8"}],"replies":[{"embeddable":true,"href":"https:\/\/paroissesaintmartindacheres.fr\/index.php\/wp-json\/wp\/v2\/comments?post=9692"}],"version-history":[{"count":181,"href":"https:\/\/paroissesaintmartindacheres.fr\/index.php\/wp-json\/wp\/v2\/pages\/9692\/revisions"}],"predecessor-version":[{"id":97418,"href":"https:\/\/paroissesaintmartindacheres.fr\/index.php\/wp-json\/wp\/v2\/pages\/9692\/revisions\/97418"}],"wp:attachment":[{"href":"https:\/\/paroissesaintmartindacheres.fr\/index.php\/wp-json\/wp\/v2\/media?parent=9692"}],"curies":[{"name":"wp","href":"https:\/\/api.w.org\/{rel}","templated":true}]}}