{"id":2753,"date":"2019-09-04T19:32:44","date_gmt":"2019-09-04T17:32:44","guid":{"rendered":"http:\/\/paroissesaintmartindacheres.fr\/?page_id=2753"},"modified":"2025-03-04T18:38:04","modified_gmt":"2025-03-04T17:38:04","slug":"ace","status":"publish","type":"page","link":"https:\/\/paroissesaintmartindacheres.fr\/index.php\/ace\/","title":{"rendered":"ACE (Action Catholique des Enfants)"},"content":{"rendered":"\t\t<div data-elementor-type=\"wp-page\" data-elementor-id=\"2753\" class=\"elementor elementor-2753\">\n\t\t\t\t<div class=\"elementor-element elementor-element-3ec2531 e-flex e-con-boxed e-con e-parent\" data-id=\"3ec2531\" data-element_type=\"container\" data-e-type=\"container\" data-settings=\"{&quot;background_background&quot;:&quot;classic&quot;}\">\n\t\t\t\t\t<div class=\"e-con-inner\">\n\t\t<div class=\"elementor-element elementor-element-f2c8cea e-con-full e-flex e-con e-child\" data-id=\"f2c8cea\" data-element_type=\"container\" data-e-type=\"container\" data-settings=\"{&quot;background_background&quot;:&quot;classic&quot;}\">\n\t\t\t\t<div class=\"elementor-element elementor-element-8354e23 elementor-widget elementor-widget-heading\" data-id=\"8354e23\" data-element_type=\"widget\" data-e-type=\"widget\" data-widget_type=\"heading.default\">\n\t\t\t\t<div class=\"elementor-widget-container\">\n\t\t\t\t\t<h2 class=\"elementor-heading-title elementor-size-default\">Action Catholique des Enfants (A.C.E.)<\/h2>\t\t\t\t<\/div>\n\t\t\t\t<\/div>\n\t\t\t\t<\/div>\n\t\t\t\t\t<\/div>\n\t\t\t\t<\/div>\n\t\t<div class=\"elementor-element elementor-element-3451f31 e-flex e-con-boxed e-con e-parent\" data-id=\"3451f31\" data-element_type=\"container\" data-e-type=\"container\">\n\t\t\t\t\t<div class=\"e-con-inner\">\n\t\t<div class=\"elementor-element elementor-element-224b1bc e-con-full e-flex e-con e-child\" data-id=\"224b1bc\" data-element_type=\"container\" data-e-type=\"container\">\n\t\t\t\t<div class=\"elementor-element elementor-element-f58ea44 elementor-widget elementor-widget-text-editor\" data-id=\"f58ea44\" data-element_type=\"widget\" data-e-type=\"widget\" data-widget_type=\"text-editor.default\">\n\t\t\t\t<div class=\"elementor-widget-container\">\n\t\t\t\t\t\t\t\t\t<p>\u00c0 l\u2019ACE, nous croyons que les enfants sont des personnes \u00e0 part enti\u00e8re, capables de s\u2019exprimer, de prendre des responsabilit\u00e9s et de construire le monde de demain. Cette conviction forte, l\u2019ACE s\u2019attache \u00e0 la d\u00e9fendre dans la soci\u00e9t\u00e9 dans l\u2019esprit de <a href=\"https:\/\/www.ace.asso.fr\/les-droits-de-lenfant\/\"> la Convention Internationale des Droits de l\u2019Enfant <\/a> (CIDE).<\/p>\n<p>Les enfants que nous recevons exp\u00e9rimentent une vie bas\u00e9e sur des valeurs humaines et chr\u00e9tiennes qui leur permet de se construire et de devenir acteurs et citoyens.<\/p>\t\t\t\t\t\t\t\t<\/div>\n\t\t\t\t<\/div>\n\t\t\t\t<\/div>\n\t\t\t\t\t<\/div>\n\t\t\t\t<\/div>\n\t\t<div class=\"elementor-element elementor-element-1d8acb7 e-flex e-con-boxed e-con e-parent\" data-id=\"1d8acb7\" data-element_type=\"container\" data-e-type=\"container\">\n\t\t\t\t\t<div class=\"e-con-inner\">\n\t\t<div class=\"elementor-element elementor-element-10684df e-con-full e-flex e-con e-child\" data-id=\"10684df\" data-element_type=\"container\" data-e-type=\"container\">\n\t\t\t\t<div class=\"elementor-element elementor-element-72fa20f elementor-widget elementor-widget-heading\" data-id=\"72fa20f\" data-element_type=\"widget\" data-e-type=\"widget\" data-widget_type=\"heading.default\">\n\t\t\t\t<div class=\"elementor-widget-container\">\n\t\t\t\t\t<h2 class=\"elementor-heading-title elementor-size-default\">L'ACE c'est quoi ???<\/h2>\t\t\t\t<\/div>\n\t\t\t\t<\/div>\n\t\t\t\t<\/div>\n\t\t\t\t\t<\/div>\n\t\t\t\t<\/div>\n\t\t<div class=\"elementor-element elementor-element-846473c e-flex e-con-boxed e-con e-parent\" data-id=\"846473c\" data-element_type=\"container\" data-e-type=\"container\">\n\t\t\t\t\t<div class=\"e-con-inner\">\n\t\t<div class=\"elementor-element elementor-element-d0e0fe4 e-con-full e-flex e-con e-child\" data-id=\"d0e0fe4\" data-element_type=\"container\" data-e-type=\"container\">\n\t\t\t\t<div class=\"elementor-element elementor-element-a9e72b4 elementor-widget elementor-widget-text-editor\" data-id=\"a9e72b4\" data-element_type=\"widget\" data-e-type=\"widget\" data-widget_type=\"text-editor.default\">\n\t\t\t\t<div class=\"elementor-widget-container\">\n\t\t\t\t\t\t\t\t\t<p>L\u2019Action Catholique des Enfants (ACE) est une association loi 1901 reconnue d\u2019\u00e9ducation populaire et membre de l\u2019\u00c9glise de France. Elle rassemble partout en France, les enfants de 6 \u00e0 15 ans, quels que soient leur culture, leur milieu social, leur religion.<\/p>\n<p>Pour en savoir plus, vous pouvez visiter le <strong><a href=\"https:\/\/www.ace.asso.fr\/\" target=\"_blank\" rel=\"noreferrer noopener\">site internet de l&rsquo;ACE<\/a>.<\/strong><\/p>\n<p>L\u2019Action Catholique des Enfants veut aider les enfants \u00e0 :<\/p>\n<p style=\"padding-left: 30px;\">1. se construire et \u00e0 grandir en d\u00e9couvrant et en d\u00e9veloppant leurs capacit\u00e9s.<br \/>2. \u00e0 devenir des citoyens par la prise de responsabilit\u00e9s, la vie d\u2019\u00e9quipe et l\u2019action collective<br \/>3. \u00e0 d\u00e9couvrir J\u00e9sus-Christ dans leur vie et \u00e0 vivre leur foi dans le respect de chacun.<\/p>\t\t\t\t\t\t\t\t<\/div>\n\t\t\t\t<\/div>\n\t\t\t\t<\/div>\n\t\t\t\t\t<\/div>\n\t\t\t\t<\/div>\n\t\t<div class=\"elementor-element elementor-element-056baac e-flex e-con-boxed e-con e-parent\" data-id=\"056baac\" data-element_type=\"container\" data-e-type=\"container\">\n\t\t\t\t\t<div class=\"e-con-inner\">\n\t\t<div class=\"elementor-element elementor-element-1336857 e-con-full e-flex e-con e-child\" data-id=\"1336857\" data-element_type=\"container\" data-e-type=\"container\">\n\t\t\t\t<div class=\"elementor-element elementor-element-9de499c elementor-widget elementor-widget-heading\" data-id=\"9de499c\" data-element_type=\"widget\" data-e-type=\"widget\" data-widget_type=\"heading.default\">\n\t\t\t\t<div class=\"elementor-widget-container\">\n\t\t\t\t\t<h2 class=\"elementor-heading-title elementor-size-default\">Comment \u00e7a marche ???<\/h2>\t\t\t\t<\/div>\n\t\t\t\t<\/div>\n\t\t\t\t<\/div>\n\t\t\t\t\t<\/div>\n\t\t\t\t<\/div>\n\t\t<div class=\"elementor-element elementor-element-978c573 e-flex e-con-boxed e-con e-parent\" data-id=\"978c573\" data-element_type=\"container\" data-e-type=\"container\">\n\t\t\t\t\t<div class=\"e-con-inner\">\n\t\t<div class=\"elementor-element elementor-element-8ba92d7 e-con-full e-flex e-con e-child\" data-id=\"8ba92d7\" data-element_type=\"container\" data-e-type=\"container\">\n\t\t\t\t<div class=\"elementor-element elementor-element-eed195e elementor-widget elementor-widget-text-editor\" data-id=\"eed195e\" data-element_type=\"widget\" data-e-type=\"widget\" data-widget_type=\"text-editor.default\">\n\t\t\t\t<div class=\"elementor-widget-container\">\n\t\t\t\t\t\t\t\t\t<p>L\u2019ACE commence de 6 \u00e010 ans et de 11 ans \u00e0 15 ans. En groupes de copains, accompagn\u00e9s par des adultes attentifs \u00e0 ce qu\u2019ils vivent et disent, les enfants jouent, discutent et m\u00e8nent des projets communs.<br \/>Les r\u00e9unions se d\u00e9roulent au maximum une fois par mois, les enfants y sont accompagn\u00e9s par un responsable (les parents sont les bienvenus). Les rencontrent se d\u00e9roulent selon un calendrier d\u00e9fini annuellement, aux horaires suivants : 14h 30 mn \u00e0 17h 00 mn au centre JEAN XXIII<\/p>\n<p>La p\u00e9dagogie de l\u2019ACE est bas\u00e9e sur le <strong>jeu<\/strong>, le <strong>bricolage<\/strong>, et l\u2019<strong>\u00e9coute<\/strong> de l\u2019expression des enfants.<br \/>Les propositions de l\u2019ACE sont ouvertes \u00e0 tous les enfants, qu&rsquo;ils soient cat\u00e9chis\u00e9s ou non, catholiques ou non.<br \/>Le th\u00e8me de l\u2019ann\u00e9e est : L\u2019Amiti\u00e9 et la solidarit\u00e9.<\/p>\t\t\t\t\t\t\t\t<\/div>\n\t\t\t\t<\/div>\n\t\t\t\t<\/div>\n\t\t<div class=\"elementor-element elementor-element-7e4c5ab e-con-full e-flex e-con e-child\" data-id=\"7e4c5ab\" data-element_type=\"container\" data-e-type=\"container\">\n\t\t\t\t<div class=\"elementor-element elementor-element-de37134 elementor-widget elementor-widget-image\" data-id=\"de37134\" data-element_type=\"widget\" data-e-type=\"widget\" data-widget_type=\"image.default\">\n\t\t\t\t<div class=\"elementor-widget-container\">\n\t\t\t\t\t\t\t\t\t\t\t\t\t\t\t<img fetchpriority=\"high\" decoding=\"async\" width=\"650\" height=\"433\" src=\"https:\/\/paroissesaintmartindacheres.fr\/wp-content\/uploads\/2025\/03\/Kids-ACE.webp\" class=\"attachment-large size-large wp-image-10435\" alt=\"\" srcset=\"https:\/\/paroissesaintmartindacheres.fr\/wp-content\/uploads\/2025\/03\/Kids-ACE.webp 650w, https:\/\/paroissesaintmartindacheres.fr\/wp-content\/uploads\/2025\/03\/Kids-ACE-300x200.webp 300w\" sizes=\"(max-width: 650px) 100vw, 650px\" \/>\t\t\t\t\t\t\t\t\t\t\t\t\t\t\t<\/div>\n\t\t\t\t<\/div>\n\t\t\t\t<\/div>\n\t\t\t\t\t<\/div>\n\t\t\t\t<\/div>\n\t\t<div class=\"elementor-element elementor-element-2fb4b05 e-flex e-con-boxed e-con e-parent\" data-id=\"2fb4b05\" data-element_type=\"container\" data-e-type=\"container\">\n\t\t\t\t\t<div class=\"e-con-inner\">\n\t\t<div class=\"elementor-element elementor-element-4d60d73 e-con-full e-flex e-con e-child\" data-id=\"4d60d73\" data-element_type=\"container\" data-e-type=\"container\">\n\t\t\t\t<div class=\"elementor-element elementor-element-287a5a9 elementor-widget elementor-widget-heading\" data-id=\"287a5a9\" data-element_type=\"widget\" data-e-type=\"widget\" data-widget_type=\"heading.default\">\n\t\t\t\t<div class=\"elementor-widget-container\">\n\t\t\t\t\t<h2 class=\"elementor-heading-title elementor-size-default\">Responsable de l'ACE <\/h2>\t\t\t\t<\/div>\n\t\t\t\t<\/div>\n\t\t\t\t<\/div>\n\t\t\t\t\t<\/div>\n\t\t\t\t<\/div>\n\t\t<div class=\"elementor-element elementor-element-bbc34bc e-flex e-con-boxed e-con e-parent\" data-id=\"bbc34bc\" data-element_type=\"container\" data-e-type=\"container\">\n\t\t\t\t\t<div class=\"e-con-inner\">\n\t\t<div class=\"elementor-element elementor-element-ed1f8a2 e-con-full e-flex e-con e-child\" data-id=\"ed1f8a2\" data-element_type=\"container\" data-e-type=\"container\">\n\t\t\t\t<div class=\"elementor-element elementor-element-c18ed74 elementor-widget elementor-widget-text-editor\" data-id=\"c18ed74\" data-element_type=\"widget\" data-e-type=\"widget\" data-widget_type=\"text-editor.default\">\n\t\t\t\t<div class=\"elementor-widget-container\">\n\t\t\t\t\t\t\t\t\t<p>Pour tout renseignements compl\u00e9mentaires, contacter :<br \/>Bernadette MERIAUX<br \/>T\u00e9l: 06.36.58.80.74.<br \/>Mail: meriaux.bernadette@gmail.com<\/p>\t\t\t\t\t\t\t\t<\/div>\n\t\t\t\t<\/div>\n\t\t\t\t<\/div>\n\t\t\t\t\t<\/div>\n\t\t\t\t<\/div>\n\t\t\t\t<\/div>\n\t\t","protected":false},"excerpt":{"rendered":"<p>Action Catholique des Enfants (A.C.E.) \u00c0 l\u2019ACE, nous croyons que les enfants sont des personnes \u00e0 part enti\u00e8re, capables de s\u2019exprimer, de prendre des responsabilit\u00e9s et de construire le monde [&hellip;]<\/p>\n","protected":false},"author":1,"featured_media":0,"parent":0,"menu_order":0,"comment_status":"closed","ping_status":"closed","template":"","meta":{"footnotes":""},"class_list":["post-2753","page","type-page","status-publish","hentry","entry"],"_links":{"self":[{"href":"https:\/\/paroissesaintmartindacheres.fr\/index.php\/wp-json\/wp\/v2\/pages\/2753","targetHints":{"allow":["GET"]}}],"collection":[{"href":"https:\/\/paroissesaintmartindacheres.fr\/index.php\/wp-json\/wp\/v2\/pages"}],"about":[{"href":"https:\/\/paroissesaintmartindacheres.fr\/index.php\/wp-json\/wp\/v2\/types\/page"}],"author":[{"embeddable":true,"href":"https:\/\/paroissesaintmartindacheres.fr\/index.php\/wp-json\/wp\/v2\/users\/1"}],"replies":[{"embeddable":true,"href":"https:\/\/paroissesaintmartindacheres.fr\/index.php\/wp-json\/wp\/v2\/comments?post=2753"}],"version-history":[{"count":46,"href":"https:\/\/paroissesaintmartindacheres.fr\/index.php\/wp-json\/wp\/v2\/pages\/2753\/revisions"}],"predecessor-version":[{"id":10438,"href":"https:\/\/paroissesaintmartindacheres.fr\/index.php\/wp-json\/wp\/v2\/pages\/2753\/revisions\/10438"}],"wp:attachment":[{"href":"https:\/\/paroissesaintmartindacheres.fr\/index.php\/wp-json\/wp\/v2\/media?parent=2753"}],"curies":[{"name":"wp","href":"https:\/\/api.w.org\/{rel}","templated":true}]}}