{"id":132,"date":"2017-11-19T19:11:43","date_gmt":"2017-11-19T18:11:43","guid":{"rendered":"http:\/\/paroissesaintmartindacheres.fr\/?page_id=132"},"modified":"2019-09-15T21:49:11","modified_gmt":"2019-09-15T19:49:11","slug":"chorale-africaine","status":"publish","type":"page","link":"https:\/\/paroissesaintmartindacheres.fr\/index.php\/chorale-africaine\/","title":{"rendered":"Chorale Africaine"},"content":{"rendered":"<p>La Paroisse st Martin de la petite ville d\u2019Ach\u00e8res compte en son sein une belle communaut\u00e9 africaine d\u2019origines diverses\u00a0: B\u00e9ninoise, Camerounaise, Centrafricaine, Congolaise (RDC) Guin\u00e9enne, Ivoirienne, S\u00e9n\u00e9galaise, Togolaise, Malgache.<\/p>\n<p>Deux \u00e9l\u00e9ments cl\u00e9s sont \u00e0 l\u2019origine de la cr\u00e9ation de la chorale africaine d\u2019Ach\u00e8res\u00a0au sein de la paroisse St Martin.<\/p>\n<ul>\n<li>La volont\u00e9 de l\u2019Ev\u00eaque du Dioc\u00e8se des Yvelines, Monseigneur Aumonier, qui sugg\u00e9ra l\u2019id\u00e9e de mise en place d\u2019une chorale africaine au sein des paroisses afin de mobiliser les africains et de les faire participer activement \u00e0 la vie de l\u2019Eglise.<\/li>\n<li>L\u2019encouragement et la d\u00e9termination du cur\u00e9 de l\u2019\u00e9poque, Abb\u00e9 Bruno Bettoli, de permettre aux diff\u00e9rentes communaut\u00e9s, notamment africaine, de partager et de faire vivre avec ferveur la foi chr\u00e9tienne comme en Afrique avec les autres membres de la paroisse.<\/li>\n<\/ul>\n<p>C\u2019est donc tout naturellement que des personnes, chr\u00e9tiens africains, se sont propos\u00e9s pour former un noyau solide de cette chorale africaine et se rendre disponibles pour le service sacr\u00e9 au sein de l\u2019Eglise.<\/p>\n<p>La premi\u00e8re messe anim\u00e9e par la communaut\u00e9 africaine a \u00e9t\u00e9 organis\u00e9e en 2013 et a eu un \u00e9norme succ\u00e8s. Depuis, c\u2019est chaque ann\u00e9e que la chorale africaine d\u2019Ach\u00e8res organise pour rendre cet \u00e9v\u00e8nement festif pour le grand plaisir spirituel de toute la paroisse.\u00a0A l\u2019issue de la messe anim\u00e9e par la communaut\u00e9 africaine, une collation est offerte \u00e0 toute la paroisse. Elle est constitu\u00e9e de divers mets africains savoureux et de d\u00e9licieuses boissons qui les accompagnent.<\/p>\n<p>cette ann\u00e9e la messe africaine aura lieu :\u00a0<b><u><span style=\"color: #ff0000;\">DIMANCHE 26 AVRIL 2020 \u00e0 10h au centre Saint Jean 23<\/span>.<\/u><\/b><\/p>\n<p>La chorale africaine anime aussi les c\u00e9l\u00e9brations hebdomadaires, de bapt\u00eames et mariages quand elle est sollicit\u00e9e. Elle participe aussi aux concerts organis\u00e9s au sein de la paroisse et r\u00e9pond aussi aux invitations des paroisses s\u0153urs qui la sollicitent pour d\u2019autres c\u00e9l\u00e9brations.<\/p>\n<ul>\n<li><strong><u>Comment nous joindre<\/u><\/strong>\u00a0:<\/li>\n<\/ul>\n<p>2 dimanches par mois de 12H \u00e0 13H15 au plus tard \u00e0 l\u2019Eglise St Martin.<\/p>\n<p>Vous n\u2019avez pas besoin de savoir chanter, il suffit d\u2019\u00eatre solidaire du groupe dans l\u2019organisation, l\u2019assistance aux autres membres en cas de besoin et de faire preuve de disponibilit\u00e9, d\u2019assiduit\u00e9, d\u2019humilit\u00e9 et de joie.<\/p>\n","protected":false},"excerpt":{"rendered":"<p>La Paroisse st Martin de la petite ville d\u2019Ach\u00e8res compte en son sein une belle communaut\u00e9 africaine d\u2019origines diverses\u00a0: B\u00e9ninoise, Camerounaise, Centrafricaine, Congolaise (RDC) Guin\u00e9enne, Ivoirienne, S\u00e9n\u00e9galaise, Togolaise, Malgache. Deux [&hellip;]<\/p>\n","protected":false},"author":1,"featured_media":0,"parent":0,"menu_order":0,"comment_status":"closed","ping_status":"closed","template":"","meta":{"footnotes":""},"class_list":["post-132","page","type-page","status-publish","hentry","entry"],"_links":{"self":[{"href":"https:\/\/paroissesaintmartindacheres.fr\/index.php\/wp-json\/wp\/v2\/pages\/132","targetHints":{"allow":["GET"]}}],"collection":[{"href":"https:\/\/paroissesaintmartindacheres.fr\/index.php\/wp-json\/wp\/v2\/pages"}],"about":[{"href":"https:\/\/paroissesaintmartindacheres.fr\/index.php\/wp-json\/wp\/v2\/types\/page"}],"author":[{"embeddable":true,"href":"https:\/\/paroissesaintmartindacheres.fr\/index.php\/wp-json\/wp\/v2\/users\/1"}],"replies":[{"embeddable":true,"href":"https:\/\/paroissesaintmartindacheres.fr\/index.php\/wp-json\/wp\/v2\/comments?post=132"}],"version-history":[{"count":5,"href":"https:\/\/paroissesaintmartindacheres.fr\/index.php\/wp-json\/wp\/v2\/pages\/132\/revisions"}],"predecessor-version":[{"id":2819,"href":"https:\/\/paroissesaintmartindacheres.fr\/index.php\/wp-json\/wp\/v2\/pages\/132\/revisions\/2819"}],"wp:attachment":[{"href":"https:\/\/paroissesaintmartindacheres.fr\/index.php\/wp-json\/wp\/v2\/media?parent=132"}],"curies":[{"name":"wp","href":"https:\/\/api.w.org\/{rel}","templated":true}]}}